{"id":653,"date":"2021-10-29T11:13:05","date_gmt":"2021-10-29T09:13:05","guid":{"rendered":"https:\/\/lleida.matersalvatoris.org\/?page_id=653"},"modified":"2021-11-13T11:33:26","modified_gmt":"2021-11-13T09:33:26","slug":"human-and-espiritual-education","status":"publish","type":"page","link":"https:\/\/lleida.matersalvatoris.org\/en\/human-and-espiritual-education\/","title":{"rendered":"Human and espiritual education"},"content":{"rendered":"<p>[et_pb_section fb_built=&#8221;1&#8243; fullwidth=&#8221;on&#8221; _builder_version=&#8221;4.11.1&#8243; _module_preset=&#8221;default&#8221; da_disable_devices=&#8221;off|off|off&#8221; global_colors_info=&#8221;{}&#8221; da_is_popup=&#8221;off&#8221; da_exit_intent=&#8221;off&#8221; da_has_close=&#8221;on&#8221; da_alt_close=&#8221;off&#8221; da_dark_close=&#8221;off&#8221; da_not_modal=&#8221;on&#8221; da_is_singular=&#8221;off&#8221; da_with_loader=&#8221;off&#8221; da_has_shadow=&#8221;on&#8221;][et_pb_fullwidth_slider _builder_version=&#8221;4.13.0&#8243; _module_preset=&#8221;default&#8221; global_colors_info=&#8221;{}&#8221;][et_pb_slide _builder_version=&#8221;4.11.1&#8243; _module_preset=&#8221;default&#8221; background_image=&#8221;https:\/\/lleida.matersalvatoris.org\/wp-content\/uploads\/2021\/10\/slide_1.jpg&#8221; background_enable_image=&#8221;on&#8221; global_colors_info=&#8221;{}&#8221; sticky_transition=&#8221;on&#8221;][\/et_pb_slide][et_pb_slide _builder_version=&#8221;4.11.1&#8243; _module_preset=&#8221;default&#8221; background_image=&#8221;https:\/\/lleida.matersalvatoris.org\/wp-content\/uploads\/2021\/10\/slide_2.jpg&#8221; background_enable_image=&#8221;on&#8221; global_colors_info=&#8221;{}&#8221; sticky_transition=&#8221;on&#8221;][\/et_pb_slide][et_pb_slide _builder_version=&#8221;4.11.1&#8243; _module_preset=&#8221;default&#8221; background_image=&#8221;https:\/\/lleida.matersalvatoris.org\/wp-content\/uploads\/2021\/10\/slide_3.jpg&#8221; background_enable_image=&#8221;on&#8221; global_colors_info=&#8221;{}&#8221; sticky_transition=&#8221;on&#8221;][\/et_pb_slide][et_pb_slide _builder_version=&#8221;4.11.1&#8243; _module_preset=&#8221;default&#8221; background_image=&#8221;https:\/\/lleida.matersalvatoris.org\/wp-content\/uploads\/2021\/10\/slide_4.jpg&#8221; background_enable_image=&#8221;on&#8221; global_colors_info=&#8221;{}&#8221; sticky_transition=&#8221;on&#8221;][\/et_pb_slide][et_pb_slide _builder_version=&#8221;4.11.1&#8243; _module_preset=&#8221;default&#8221; background_image=&#8221;https:\/\/lleida.matersalvatoris.org\/wp-content\/uploads\/2021\/10\/slide_5.jpg&#8221; background_enable_image=&#8221;on&#8221; global_colors_info=&#8221;{}&#8221; sticky_transition=&#8221;on&#8221;][\/et_pb_slide][\/et_pb_fullwidth_slider][\/et_pb_section][et_pb_section fb_built=&#8221;1&#8243; _builder_version=&#8221;4.11.1&#8243; _module_preset=&#8221;5c19a62f-513d-4606-ae30-8aab177d8889&#8243; custom_padding=&#8221;30px||30px||false|false&#8221; da_disable_devices=&#8221;off|off|off&#8221; global_colors_info=&#8221;{}&#8221; da_is_popup=&#8221;off&#8221; da_exit_intent=&#8221;off&#8221; da_has_close=&#8221;on&#8221; da_alt_close=&#8221;off&#8221; da_dark_close=&#8221;off&#8221; da_not_modal=&#8221;on&#8221; da_is_singular=&#8221;off&#8221; da_with_loader=&#8221;off&#8221; da_has_shadow=&#8221;on&#8221;][et_pb_row column_structure=&#8221;1_4,3_4&#8243; _builder_version=&#8221;4.13.1&#8243; _module_preset=&#8221;878dbd52-1639-4ccb-bc44-8449068c39e4&#8243; custom_padding=&#8221;0px||0px||false|false&#8221; hover_enabled=&#8221;0&#8243; global_colors_info=&#8221;{}&#8221; sticky_enabled=&#8221;0&#8243;][et_pb_column type=&#8221;1_4&#8243; _builder_version=&#8221;4.11.1&#8243; _module_preset=&#8221;default&#8221; global_colors_info=&#8221;{}&#8221;][et_pb_text _builder_version=&#8221;4.13.1&#8243; _dynamic_attributes=&#8221;content&#8221; _module_preset=&#8221;fb58153c-30e1-4016-9cf8-2751ea08e8fb&#8221; text_line_height=&#8221;1.1em&#8221; custom_padding=&#8221;75px||||false|false&#8221; global_colors_info=&#8221;{}&#8221;]@ET-DC@eyJkeW5hbWljIjp0cnVlLCJjb250ZW50IjoicG9zdF90aXRsZSIsInNldHRpbmdzIjp7ImJlZm9yZSI6IiIsImFmdGVyIjoiIn19@[\/et_pb_text][et_pb_image src=&#8221;https:\/\/lleida.matersalvatoris.org\/wp-content\/uploads\/2021\/11\/6.2.2020-9-scaled-1200&#215;821-1.jpg&#8221; title_text=&#8221;6.2.2020-9-scaled-1200&#215;821&#8243; _builder_version=&#8221;4.11.3&#8243; _module_preset=&#8221;cd5698fc-7441-45eb-b23f-47fbe30b45b6&#8243; global_colors_info=&#8221;{}&#8221;][\/et_pb_image][et_pb_image src=&#8221;https:\/\/lleida.matersalvatoris.org\/wp-content\/uploads\/2021\/11\/enero2020-9-scaled-1200&#215;800-1.jpg&#8221; title_text=&#8221;enero2020-9-scaled-1200&#215;800&#8243; _builder_version=&#8221;4.11.3&#8243; _module_preset=&#8221;cd5698fc-7441-45eb-b23f-47fbe30b45b6&#8243; global_colors_info=&#8221;{}&#8221;][\/et_pb_image][et_pb_image src=&#8221;https:\/\/lleida.matersalvatoris.org\/wp-content\/uploads\/2021\/11\/la-semana-de-Quino-3-scaled-1200&#215;800-1.jpg&#8221; title_text=&#8221;la-semana-de-Quino-3-scaled-1200&#215;800&#8243; _builder_version=&#8221;4.11.3&#8243; _module_preset=&#8221;cd5698fc-7441-45eb-b23f-47fbe30b45b6&#8243; global_colors_info=&#8221;{}&#8221;][\/et_pb_image][et_pb_image src=&#8221;https:\/\/lleida.matersalvatoris.org\/wp-content\/uploads\/2021\/11\/21.2.2020-17-scaled-1200&#215;776-1.jpg&#8221; title_text=&#8221;21.2.2020-17-scaled-1200&#215;776&#8243; _builder_version=&#8221;4.11.3&#8243; _module_preset=&#8221;cd5698fc-7441-45eb-b23f-47fbe30b45b6&#8243; global_colors_info=&#8221;{}&#8221;][\/et_pb_image][et_pb_image src=&#8221;https:\/\/lleida.matersalvatoris.org\/wp-content\/uploads\/2021\/11\/gener2020-42-scaled-1200&#215;800-1.jpg&#8221; title_text=&#8221;gener2020-42-scaled-1200&#215;800&#8243; _builder_version=&#8221;4.11.3&#8243; _module_preset=&#8221;cd5698fc-7441-45eb-b23f-47fbe30b45b6&#8243; global_colors_info=&#8221;{}&#8221;][\/et_pb_image][et_pb_image src=&#8221;https:\/\/lleida.matersalvatoris.org\/wp-content\/uploads\/2021\/11\/5.2.2020-6-scaled-1200&#215;743-1.jpg&#8221; title_text=&#8221;5.2.2020-6-scaled-1200&#215;743&#8243; _builder_version=&#8221;4.11.3&#8243; _module_preset=&#8221;cd5698fc-7441-45eb-b23f-47fbe30b45b6&#8243; global_colors_info=&#8221;{}&#8221;][\/et_pb_image][et_pb_image src=&#8221;https:\/\/lleida.matersalvatoris.org\/wp-content\/uploads\/2021\/11\/gener2020-20-scaled-1200&#215;800-1.jpg&#8221; title_text=&#8221;gener2020-20-scaled-1200&#215;800&#8243; _builder_version=&#8221;4.11.3&#8243; _module_preset=&#8221;cd5698fc-7441-45eb-b23f-47fbe30b45b6&#8243; global_colors_info=&#8221;{}&#8221;][\/et_pb_image][et_pb_image src=&#8221;https:\/\/lleida.matersalvatoris.org\/wp-content\/uploads\/2021\/11\/12.2.2020-12-scaled-1200&#215;887-1.jpg&#8221; title_text=&#8221;12.2.2020-12-scaled-1200&#215;887&#8243; _builder_version=&#8221;4.11.3&#8243; _module_preset=&#8221;cd5698fc-7441-45eb-b23f-47fbe30b45b6&#8243; global_colors_info=&#8221;{}&#8221;][\/et_pb_image][et_pb_image src=&#8221;https:\/\/lleida.matersalvatoris.org\/wp-content\/uploads\/2021\/11\/26.2.2020-6-scaled-1200&#215;1200-1.jpg&#8221; title_text=&#8221;26.2.2020-6-scaled-1200&#215;1200&#8243; _builder_version=&#8221;4.11.3&#8243; _module_preset=&#8221;cd5698fc-7441-45eb-b23f-47fbe30b45b6&#8243; global_colors_info=&#8221;{}&#8221;][\/et_pb_image][et_pb_image src=&#8221;https:\/\/lleida.matersalvatoris.org\/wp-content\/uploads\/2021\/11\/file1-1200&#215;360-1.jpg&#8221; title_text=&#8221;file1-1200&#215;360&#8243; _builder_version=&#8221;4.11.3&#8243; _module_preset=&#8221;cd5698fc-7441-45eb-b23f-47fbe30b45b6&#8243; global_colors_info=&#8221;{}&#8221;][\/et_pb_image][\/et_pb_column][et_pb_column type=&#8221;3_4&#8243; _builder_version=&#8221;4.13.1&#8243; _module_preset=&#8221;default&#8221; hover_enabled=&#8221;0&#8243; global_colors_info=&#8221;{}&#8221; module_id=&#8221;columnaContenidoFormacionHumana&#8221; sticky_enabled=&#8221;0&#8243;][et_pb_text _builder_version=&#8221;4.11.1&#8243; _module_preset=&#8221;9616b5da-827c-4a8d-ad6f-bcd50de1f39f&#8221; text_text_color=&#8221;#000000&#8243; text_font_size=&#8221;20px&#8221; text_line_height=&#8221;1.2em&#8221; custom_margin=&#8221;||1em||false|false&#8221; global_colors_info=&#8221;{}&#8221;]<\/p>\n<p><strong><\/strong><\/p>\n<h3 class=\"has-text-align-center\" style=\"text-align: center;\"><strong>WE EDUCATE THE INTELLIGENCE, THE WILL, THE HEART, FOR INTIMACY, FOR GENEROSITY AND FROM FREEDOM<\/strong><\/h3>\n<ul><\/ul>\n<p>[\/et_pb_text][et_pb_text _builder_version=&#8221;4.11.3&#8243; _module_preset=&#8221;0beecb44-14b6-4146-a084-a63d2edaa5dd&#8221; text_text_color=&#8221;#FFFFFF&#8221; text_font_size=&#8221;20px&#8221; text_line_height=&#8221;1.1em&#8221; background_color=&#8221;#8196a1&#8243; custom_margin=&#8221;||1em||false|false&#8221; custom_padding=&#8221;30px|30px|30px|30px|false|false&#8221; global_colors_info=&#8221;{}&#8221;]<\/p>\n<h3 style=\"text-align: center;\"><strong><span style=\"color: #ffffff;\">WE EDUCATE THE INTELLIGENCE<\/span><\/strong><\/h3>\n<p><span>At Mater Salvatoris School, we take the <\/span><strong>intellectual development<\/strong><span> of our students very seriously. For it:<\/span><\/p>\n<p>[\/et_pb_text][et_pb_text _builder_version=&#8221;4.11.3&#8243; _module_preset=&#8221;9616b5da-827c-4a8d-ad6f-bcd50de1f39f&#8221; text_text_color=&#8221;#000000&#8243; text_font_size=&#8221;20px&#8221; text_line_height=&#8221;1.2em&#8221; min_height=&#8221;200px&#8221; custom_margin=&#8221;||2em||false|false&#8221; global_colors_info=&#8221;{}&#8221;]<\/p>\n<p><img decoding=\"async\" src=\"https:\/\/lleida.matersalvatoris.org\/wp-content\/uploads\/2021\/10\/formacio-humana-i-espiritual_1-300x200-1.jpg\" width=\"415\" alt=\"\" class=\"wp-image-238 float-right size-medium\" style=\"float: right;\" \/><\/p>\n<ul>\n<li><strong>We kindle\u00a0the desire to know<\/strong> the universe created by God.<\/li>\n<li><strong>We ignite the love of truth,<\/strong> which rejects superficiality in knowledge and judgement.<\/li>\n<li><strong>We rekindle\u00a0critical judgement,<\/strong>which rejects the blind acceptance of a given argument.<\/li>\n<li><strong>We lead towards order, method and precision,<\/strong> which are expressions of a well-trained mind with a sense of responsibility.<\/li>\n<\/ul>\n<p>[\/et_pb_text][et_pb_text _builder_version=&#8221;4.11.3&#8243; _module_preset=&#8221;0beecb44-14b6-4146-a084-a63d2edaa5dd&#8221; text_text_color=&#8221;#FFFFFF&#8221; text_font_size=&#8221;20px&#8221; text_line_height=&#8221;1.1em&#8221; background_color=&#8221;#8196a1&#8243; custom_margin=&#8221;||1em||false|false&#8221; custom_padding=&#8221;30px|30px|30px|30px|false|false&#8221; global_colors_info=&#8221;{}&#8221;]<\/p>\n<h3 style=\"text-align: center;\"><span style=\"color: #ffffff;\"><strong>WE EDUCATE THE WILL<\/strong><\/span><\/h3>\n<p>La voluntat \u00e9s una pe\u00e7a clau en l\u2019edifici de la personalitat. Els nostres alumnes viuen en una societat postmoderna en la que sovint es valora el sentiment per damunt de la ra\u00f3.<\/p>\n<p><span>Will is a fundamental pillar of personality. Our students live in a postmodern society which places sentiment above reason. <\/span><strong>For this reason, forging will is more important than ever.<\/strong><span> At Mater Salvatoris School we aim to produce:<\/span><\/p>\n<p>[\/et_pb_text][et_pb_text _builder_version=&#8221;4.11.3&#8243; _module_preset=&#8221;9616b5da-827c-4a8d-ad6f-bcd50de1f39f&#8221; text_text_color=&#8221;#000000&#8243; text_font_size=&#8221;20px&#8221; text_line_height=&#8221;1.2em&#8221; min_height=&#8221;196px&#8221; custom_margin=&#8221;||2em||false|false&#8221; global_colors_info=&#8221;{}&#8221;]<\/p>\n<p><img decoding=\"async\" src=\"https:\/\/lleida.matersalvatoris.org\/wp-content\/uploads\/2021\/10\/formacio-humana-i-espiritual_2-300x196-1.jpg\" width=\"415\" alt=\"\" class=\"wp-image-241 alignnone size-medium\" style=\"float: right;\" \/><\/p>\n<ul>\n<li><strong>Truly liberated young people,<\/strong> who are able to determine the course of their lives regardless of their surroundings and circumstances.<\/li>\n<li><strong>Young people with grand ideals,<\/strong>who are able to fight with all their might for a particular cause.<\/li>\n<li><strong>Young people who do not succumb to hardship<\/strong> and display steadfastness and conviction in pursuit of their goals.<\/li>\n<\/ul>\n<p>&nbsp;<\/p>\n<p>In a society where decisions are made based on desire, emotion and pleasure, Mater Salvatoris educates its students in the culture of truth, consistency and endeavour. In this way, when these young people are convinced by a cause, they devote themselves to it whole heartedly and unconditionally.<\/p>\n<p>For this reason, motivation, order, consistency and a mixture of joy and wonder are the most useful tools for fostering will.<\/p>\n<p>[\/et_pb_text][et_pb_text _builder_version=&#8221;4.11.3&#8243; _module_preset=&#8221;0beecb44-14b6-4146-a084-a63d2edaa5dd&#8221; text_text_color=&#8221;#FFFFFF&#8221; text_font_size=&#8221;20px&#8221; text_line_height=&#8221;1.1em&#8221; background_color=&#8221;#8196a1&#8243; custom_margin=&#8221;||1em||false|false&#8221; custom_padding=&#8221;30px|30px|30px|30px|false|false&#8221; global_colors_info=&#8221;{}&#8221;]<\/p>\n<h3 style=\"text-align: center;\"><span style=\"color: #ffffff;\"><strong>WE EDUCATE THE HEART<\/strong><\/span><\/h3>\n<p>Balanced emotions and the formation of a unique identity are essential in the pursuit of happiness.[\/et_pb_text][et_pb_text _builder_version=&#8221;4.11.3&#8243; _module_preset=&#8221;9616b5da-827c-4a8d-ad6f-bcd50de1f39f&#8221; text_text_color=&#8221;#000000&#8243; text_font_size=&#8221;20px&#8221; text_line_height=&#8221;1.2em&#8221; min_height=&#8221;325px&#8221; custom_margin=&#8221;||2em||false|false&#8221; global_colors_info=&#8221;{}&#8221;]<\/p>\n<p><strong><img decoding=\"async\" src=\"https:\/\/lleida.matersalvatoris.org\/wp-content\/uploads\/2021\/10\/formacio-humana-i-espiritual_3-300x225-1.jpg\" width=\"415\" alt=\"\" class=\"wp-image-242 alignnone size-medium\" style=\"float: right;\" \/>Nurturing feelings and emotions is a fundamental aspect of\u00a0human development.<\/strong> If intelligence is the light of the spirit, then the heart is its strength. We shape\u00a0students whose hearts rejoice with truth, beauty, positive emotions, and affection. In short, hearts that are able to sense, feel, seek, and experience love.<strong><br \/><\/strong><\/p>\n<p>[\/et_pb_text][et_pb_text _builder_version=&#8221;4.11.3&#8243; _module_preset=&#8221;0beecb44-14b6-4146-a084-a63d2edaa5dd&#8221; text_text_color=&#8221;#FFFFFF&#8221; text_font_size=&#8221;20px&#8221; text_line_height=&#8221;1.1em&#8221; background_color=&#8221;#8196a1&#8243; custom_margin=&#8221;||1em||false|false&#8221; custom_padding=&#8221;30px|30px|30px|30px|false|false&#8221; global_colors_info=&#8221;{}&#8221;]<\/p>\n<h3 style=\"text-align: center;\"><span style=\"color: #ffffff;\"><strong>WE EDUCATE FOR INTIMACY<\/strong><\/span><\/h3>\n<p><strong>It is essential to educate for\u00a0intimacy <\/strong><span>so that our students can maintain peace and develop personality in a harmonious fashion.<\/span><\/p>\n<p>[\/et_pb_text][et_pb_text _builder_version=&#8221;4.11.3&#8243; _module_preset=&#8221;9616b5da-827c-4a8d-ad6f-bcd50de1f39f&#8221; text_text_color=&#8221;#000000&#8243; text_font_size=&#8221;20px&#8221; text_line_height=&#8221;1.2em&#8221; min_height=&#8221;600px&#8221; custom_margin=&#8221;||2em||false|false&#8221; global_colors_info=&#8221;{}&#8221;]<\/p>\n<p><img decoding=\"async\" src=\"https:\/\/lleida.matersalvatoris.org\/wp-content\/uploads\/2021\/10\/formacio-humana-i-espiritual_4-217x300-1.jpg\" width=\"415\" alt=\"\" class=\"wp-image-243 alignnone size-medium\" style=\"float: right;\" \/><\/p>\n<p>In a hurried, superficial world<strong> one must make space for reflection and silence, as a special way to discover\u00a0God.<\/strong> The School\u2019s timetable includes the necessary catechesis for receiving two Sacraments:<\/p>\n<ul>\n<li><strong>First\u00a0Communion<\/strong><\/li>\n<li><strong>Confirmation<\/strong><\/li>\n<\/ul>\n<p>Also, we educate the love of the Virgin Mary. <strong>The School is entrusted to Her protection and it is under Her title, Mater Salvatoris, that this model has been established<\/strong> to offer students profound faith, absolute trust in God, and the power to offer themselves. She helps us on our day-to-day path.<\/p>\n<p>[\/et_pb_text][et_pb_text _builder_version=&#8221;4.11.3&#8243; _module_preset=&#8221;0beecb44-14b6-4146-a084-a63d2edaa5dd&#8221; text_text_color=&#8221;#FFFFFF&#8221; text_font_size=&#8221;20px&#8221; text_line_height=&#8221;1.1em&#8221; background_color=&#8221;#8196a1&#8243; custom_margin=&#8221;||1em||false|false&#8221; custom_padding=&#8221;30px|30px|30px|30px|false|false&#8221; global_colors_info=&#8221;{}&#8221;]<\/p>\n<h3 style=\"text-align: center;\"><span style=\"color: #ffffff;\"><strong>WE EDUCATE FOR GENEROSITY AND FROM FREEDOM<\/strong><\/span><\/h3>\n<p>We ensure that our students gain first-hand experience of giving to the needy and carry out some form of volunteering.<\/strong>[\/et_pb_text][et_pb_text _builder_version=&#8221;4.11.3&#8243; _module_preset=&#8221;9616b5da-827c-4a8d-ad6f-bcd50de1f39f&#8221; text_text_color=&#8221;#000000&#8243; text_font_size=&#8221;20px&#8221; text_line_height=&#8221;1.2em&#8221; min_height=&#8221;225px&#8221; custom_margin=&#8221;||2em||false|false&#8221; global_colors_info=&#8221;{}&#8221;]<\/p>\n<p><img decoding=\"async\" src=\"https:\/\/lleida.matersalvatoris.org\/wp-content\/uploads\/2021\/10\/formacio-humana-i-espiritual_5-300x169-1.jpg\" width=\"415\" alt=\"\" class=\"wp-image-244 alignnone size-medium\" style=\"float: right;\" \/><br \/><span>In accordance with St Ignatius of Loyola\u2019s teaching that <\/span><em><strong>\u201cLove is better expressed in actions than words\u201d,<\/strong><\/em><span> one of the facets of the Christian faith the School seeks to develop in all students is compassion for those most in need. This is embodied by charity campaigns, such as Domund, Childhood Missionary, the Christmas Campaign or the Great Food Collection.<\/span><\/p>\n<p><span>One of the School\u2019s primary concerns in terms of spiritual development is that religious practice does not feel like something that is imposed externally, but is rather a <\/span><strong>free and loving response to God,<\/strong><span> who loved us first.<\/span><\/p>\n<p>[\/et_pb_text][\/et_pb_column][\/et_pb_row][\/et_pb_section]<\/p>\n","protected":false},"excerpt":{"rendered":"<p>WE EDUCATE THE INTELLIGENCE, THE WILL, THE HEART, FOR INTIMACY, FOR GENEROSITY AND FROM FREEDOM WE EDUCATE THE INTELLIGENCE At Mater Salvatoris School, we take the intellectual development of our [&hellip;]<\/p>\n","protected":false},"author":1,"featured_media":0,"parent":0,"menu_order":0,"comment_status":"closed","ping_status":"closed","template":"","meta":{"_et_pb_use_builder":"on","_et_pb_old_content":"[et_pb_section fb_built=\"1\" fullwidth=\"on\" _builder_version=\"4.11.1\" _module_preset=\"default\" global_colors_info=\"{}\"][et_pb_fullwidth_image src=\"https:\/\/lleida.matersalvatoris.org\/wp-content\/uploads\/2021\/10\/slide_1.jpg\" title_text=\"slide_1\" _builder_version=\"4.11.1\" _module_preset=\"default\" global_colors_info=\"{}\"][\/et_pb_fullwidth_image][\/et_pb_section][et_pb_section fb_built=\"1\" custom_padding=\"30px||30px||false|false\" _builder_version=\"4.11.1\" _module_preset=\"5c19a62f-513d-4606-ae30-8aab177d8889\" global_colors_info=\"{}\"][et_pb_row custom_padding=\"0px||0px||false|false\" column_structure=\"1_4,3_4\" _builder_version=\"4.11.1\" _module_preset=\"878dbd52-1639-4ccb-bc44-8449068c39e4\" global_colors_info=\"{}\"][et_pb_column type=\"1_4\" _builder_version=\"4.11.1\" _module_preset=\"default\" global_colors_info=\"{}\"][et_pb_text background_color=\"#042d41\" text_font_size=\"30px\" text_text_color=\"#FFFFFF\" text_font=\"|700||on|||||\" text_line_height=\"1.1em\" text_orientation=\"center\" module_alignment=\"center\" height=\"244px\" custom_padding=\"75px||||false|false\" _builder_version=\"4.11.1\" _dynamic_attributes=\"content\" _module_preset=\"161413bb-faa1-4e22-abbc-4475dbcf6de7\" global_colors_info=\"{}\"]@ET-DC@eyJkeW5hbWljIjp0cnVlLCJjb250ZW50IjoicG9zdF90aXRsZSIsInNldHRpbmdzIjp7ImJlZm9yZSI6IiIsImFmdGVyIjoiIn19@[\/et_pb_text][et_pb_image border_width_all=\"2px\" border_color_all=\"rgba(0,0,0,0.1)\" border_radii=\"on|2px|2px|2px|2px\" custom_padding=\"0px|0px|0px|0px|false|false\" box_shadow_style=\"preset1\" src=\"https:\/\/lleida.matersalvatoris.org\/wp-content\/uploads\/2021\/10\/formacio-humana-i-espiritual_1_300x300.jpg\" title_text=\"formacio-humana-i-espiritual_1_300x300\" _builder_version=\"4.11.1\" _module_preset=\"1456a61a-6428-47f7-af7b-e2d2556e2239\" global_colors_info=\"{}\"][\/et_pb_image][et_pb_image border_width_all=\"2px\" border_color_all=\"rgba(0,0,0,0.1)\" border_radii=\"on|2px|2px|2px|2px\" custom_padding=\"0px|0px|0px|0px|false|false\" box_shadow_style=\"preset1\" src=\"https:\/\/lleida.matersalvatoris.org\/wp-content\/uploads\/2021\/10\/formacio-humana-i-espiritual_2_300x300.jpg\" title_text=\"formacio-humana-i-espiritual_2_300x300\" _builder_version=\"4.11.1\" _module_preset=\"1456a61a-6428-47f7-af7b-e2d2556e2239\" global_colors_info=\"{}\"][\/et_pb_image][et_pb_image border_width_all=\"2px\" border_color_all=\"rgba(0,0,0,0.1)\" border_radii=\"on|2px|2px|2px|2px\" custom_padding=\"0px|0px|0px|0px|false|false\" box_shadow_style=\"preset1\" src=\"https:\/\/lleida.matersalvatoris.org\/wp-content\/uploads\/2021\/10\/formacio-humana-i-espiritual_3_300x300.jpg\" title_text=\"formacio-humana-i-espiritual_3_300x300\" _builder_version=\"4.11.1\" _module_preset=\"1456a61a-6428-47f7-af7b-e2d2556e2239\" global_colors_info=\"{}\"][\/et_pb_image][et_pb_image border_width_all=\"2px\" border_color_all=\"rgba(0,0,0,0.1)\" border_radii=\"on|2px|2px|2px|2px\" custom_padding=\"0px|0px|0px|0px|false|false\" box_shadow_style=\"preset1\" src=\"https:\/\/lleida.matersalvatoris.org\/wp-content\/uploads\/2021\/10\/formacio-humana-i-espiritual_4_300x300.jpg\" title_text=\"formacio-humana-i-espiritual_4_300x300\" _builder_version=\"4.11.1\" _module_preset=\"1456a61a-6428-47f7-af7b-e2d2556e2239\" global_colors_info=\"{}\"][\/et_pb_image][et_pb_image border_width_all=\"2px\" border_color_all=\"rgba(0,0,0,0.1)\" border_radii=\"on|2px|2px|2px|2px\" custom_padding=\"0px|0px|0px|0px|false|false\" box_shadow_style=\"preset1\" src=\"https:\/\/lleida.matersalvatoris.org\/wp-content\/uploads\/2021\/10\/formacio-humana-i-espiritual_5_300x300.jpg\" title_text=\"formacio-humana-i-espiritual_5_300x300\" _builder_version=\"4.11.1\" _module_preset=\"1456a61a-6428-47f7-af7b-e2d2556e2239\" global_colors_info=\"{}\"][\/et_pb_image][et_pb_image border_width_all=\"2px\" border_color_all=\"rgba(0,0,0,0.1)\" border_radii=\"on|2px|2px|2px|2px\" custom_padding=\"0px|0px|0px|0px|false|false\" box_shadow_style=\"preset1\" src=\"https:\/\/lleida.matersalvatoris.org\/wp-content\/uploads\/2021\/10\/formacio-humana-i-espiritual_6_300x300.jpg\" title_text=\"formacio-humana-i-espiritual_6_300x300\" _builder_version=\"4.11.1\" _module_preset=\"1456a61a-6428-47f7-af7b-e2d2556e2239\" global_colors_info=\"{}\"][\/et_pb_image][et_pb_image border_width_all=\"2px\" border_color_all=\"rgba(0,0,0,0.1)\" border_radii=\"on|2px|2px|2px|2px\" custom_padding=\"0px|0px|0px|0px|false|false\" box_shadow_style=\"preset1\" src=\"https:\/\/lleida.matersalvatoris.org\/wp-content\/uploads\/2021\/10\/formacio-humana-i-espiritual_7_300x300.jpg\" title_text=\"formacio-humana-i-espiritual_7_300x300\" _builder_version=\"4.11.1\" _module_preset=\"1456a61a-6428-47f7-af7b-e2d2556e2239\" global_colors_info=\"{}\"][\/et_pb_image][et_pb_image border_width_all=\"2px\" border_color_all=\"rgba(0,0,0,0.1)\" border_radii=\"on|2px|2px|2px|2px\" custom_padding=\"0px|0px|0px|0px|false|false\" box_shadow_style=\"preset1\" src=\"https:\/\/lleida.matersalvatoris.org\/wp-content\/uploads\/2021\/10\/formacio-humana-i-espiritual_8_300x300.jpg\" title_text=\"formacio-humana-i-espiritual_8_300x300\" _builder_version=\"4.11.1\" _module_preset=\"1456a61a-6428-47f7-af7b-e2d2556e2239\" global_colors_info=\"{}\"][\/et_pb_image][et_pb_image border_width_all=\"2px\" border_color_all=\"rgba(0,0,0,0.1)\" border_radii=\"on|2px|2px|2px|2px\" custom_padding=\"0px|0px|0px|0px|false|false\" box_shadow_style=\"preset1\" src=\"https:\/\/lleida.matersalvatoris.org\/wp-content\/uploads\/2021\/10\/formacio-humana-i-espiritual_9_300x300.jpg\" title_text=\"formacio-humana-i-espiritual_9_300x300\" _builder_version=\"4.11.1\" _module_preset=\"1456a61a-6428-47f7-af7b-e2d2556e2239\" global_colors_info=\"{}\"][\/et_pb_image][et_pb_image border_width_all=\"2px\" border_color_all=\"rgba(0,0,0,0.1)\" border_radii=\"on|2px|2px|2px|2px\" custom_padding=\"0px|0px|0px|0px|false|false\" box_shadow_style=\"preset1\" src=\"https:\/\/lleida.matersalvatoris.org\/wp-content\/uploads\/2021\/10\/formacio-humana-i-espiritual_10_300x300.jpg\" title_text=\"formacio-humana-i-espiritual_10_300x300\" _builder_version=\"4.11.1\" _module_preset=\"1456a61a-6428-47f7-af7b-e2d2556e2239\" global_colors_info=\"{}\"][\/et_pb_image][\/et_pb_column][et_pb_column type=\"3_4\" _builder_version=\"4.11.1\" _module_preset=\"default\" global_colors_info=\"{}\"][et_pb_text text_text_color=\"#000000\" text_font_size=\"20px\" text_line_height=\"1.2em\" custom_margin=\"||1em||false|false\" _builder_version=\"4.11.1\" _module_preset=\"9616b5da-827c-4a8d-ad6f-bcd50de1f39f\" global_colors_info=\"{}\"]\n\n<strong><\/strong>\n<h2 style=\"text-align: center;\"><strong>EDUQUEM LA INTEL\u00b7LIG\u00c8NCIA, LA VOLUNTAT, EL COR, LA INTIMITAT, LA GENEROSITAT I DES DE LA LLIBERTAT<\/strong><\/h2>\n<ul><\/ul>\n[\/et_pb_text][et_pb_text background_color=\"#8196a1\" custom_padding=\"30px|30px|30px|30px|false|false\" text_font_size=\"20px\" text_text_color=\"#FFFFFF\" text_line_height=\"1.1em\" custom_margin=\"||1em||false|false\" _builder_version=\"4.11.1\" _module_preset=\"0beecb44-14b6-4146-a084-a63d2edaa5dd\" global_colors_info=\"{}\"]\n<h3 style=\"text-align: center;\"><strong><span style=\"color: #ffffff;\">EDUQUEM LA INTEL\u00b7LIG\u00c8NCIA<\/span><\/strong><\/h3>\nEl col\u00b7legi Mater Salvatoris <strong>forma intel\u00b7lectualment<\/strong> els seus alumnes amb una veritable perseveran\u00e7a. Per aix\u00f2:\n\n[\/et_pb_text][et_pb_text text_text_color=\"#000000\" text_font_size=\"20px\" text_line_height=\"1.2em\" custom_margin=\"||2em||false|false\" _builder_version=\"4.11.1\" _module_preset=\"9616b5da-827c-4a8d-ad6f-bcd50de1f39f\" min_height=\"200px\" global_colors_info=\"{}\"]\n\n<img src=\"https:\/\/lleida.matersalvatoris.org\/wp-content\/uploads\/2021\/10\/formacio-humana-i-espiritual_1-300x200-1.jpg\" width=\"300\" height=\"200\" alt=\"\" class=\"wp-image-238 float-right size-medium\" style=\"float: right;\">\n<ul>\n \t<li><strong>Estimula el desig de con\u00e8ixer<\/strong> l\u2019univers creat per D\u00e9u.<\/li>\n \t<li><strong>Enc\u00e9n l\u2019amor a la veritat,<\/strong> que exclou la superficialitat a l\u2019hora d\u2019aprendre i de jutjar.<\/li>\n \t<li><strong>Desvetlla el sentit cr\u00edtic, <\/strong>que rebutja l\u2019acceptaci\u00f3 ing\u00e8nua de qualsevol afirmaci\u00f3.<\/li>\n<\/ul>\n[\/et_pb_text][et_pb_text background_color=\"#8196a1\" custom_padding=\"30px|30px|30px|30px|false|false\" text_font_size=\"20px\" text_text_color=\"#FFFFFF\" text_line_height=\"1.1em\" custom_margin=\"||1em||false|false\" _builder_version=\"4.11.1\" _module_preset=\"0beecb44-14b6-4146-a084-a63d2edaa5dd\" global_colors_info=\"{}\"]\n<h3 style=\"text-align: center;\"><span style=\"color: #ffffff;\"><strong>EDUQUEM LA VOLUNTAT<\/strong><\/span><\/h3>\nLa voluntat \u00e9s una pe\u00e7a clau en l\u2019edifici de la personalitat. Els nostres alumnes viuen en una societat postmoderna en la que sovint es valora el sentiment per damunt de la ra\u00f3.\n\n<strong>Per aix\u00f2, forjar la voluntat \u00e9s avui m\u00e9s necessari que mai.<\/strong>\n\nLa motivaci\u00f3, l\u2019ordre, la const\u00e0ncia i una barreja d\u2019alegria i il\u00b7lusi\u00f3 s\u00f3n les millors eines per educar la voluntat. Al col\u00b7legi Mater Salvatoris desitgem formar:\n\n[\/et_pb_text][et_pb_text text_text_color=\"#000000\" text_font_size=\"20px\" text_line_height=\"1.2em\" custom_margin=\"||2em||false|false\" _builder_version=\"4.11.1\" _module_preset=\"9616b5da-827c-4a8d-ad6f-bcd50de1f39f\" min_height=\"196px\" global_colors_info=\"{}\"]\n\n<img src=\"https:\/\/lleida.matersalvatoris.org\/wp-content\/uploads\/2021\/10\/formacio-humana-i-espiritual_2-300x196-1.jpg\" width=\"300\" height=\"196\" alt=\"\" class=\"wp-image-241 alignnone size-medium\" style=\"float: right;\">\n<ul>\n \t<li><strong>Joves verdaderament lliures,<\/strong> capa\u00e7os de donar rumb a les seves vides independentment de l\u2019ambient i les circumst\u00e0ncies.<\/li>\n \t<li><strong>Joves amb grans ideals,<\/strong> que s\u00e0piguen lluitar amb totes les seves forces per aconseguir un b\u00e9 concret.<\/li>\n \t<li><strong>Joves que no es rendeixin davant les dificultats<\/strong> i que tinguin const\u00e0ncia i fermesa en els prop\u00f2sits.<\/li>\n<\/ul>\n[\/et_pb_text][et_pb_text background_color=\"#8196a1\" custom_padding=\"30px|30px|30px|30px|false|false\" text_font_size=\"20px\" text_text_color=\"#FFFFFF\" text_line_height=\"1.1em\" custom_margin=\"||1em||false|false\" _builder_version=\"4.11.1\" _module_preset=\"0beecb44-14b6-4146-a084-a63d2edaa5dd\" global_colors_info=\"{}\"]\n<h3 style=\"text-align: center;\"><span style=\"color: #ffffff;\"><strong>EDUQUEM EL COR<\/strong><\/span><\/h3>\nUna afectivitat equilibrada i la formaci\u00f3 de la identitat pr\u00f2pia s\u00f3n essencials per trobar la felicitat.\n\n[\/et_pb_text][et_pb_text text_text_color=\"#000000\" text_font_size=\"20px\" text_line_height=\"1.2em\" custom_margin=\"||2em||false|false\" _builder_version=\"4.11.1\" _module_preset=\"9616b5da-827c-4a8d-ad6f-bcd50de1f39f\" min_height=\"225px\" global_colors_info=\"{}\"]\n\n<strong><img src=\"https:\/\/lleida.matersalvatoris.org\/wp-content\/uploads\/2021\/10\/formacio-humana-i-espiritual_3-300x225-1.jpg\" width=\"300\" height=\"225\" alt=\"\" class=\"wp-image-242 alignnone size-medium\" style=\"float: right;\">Educar els sentiments i les emocions \u00e9s un aspecte essencial en la formaci\u00f3 humana.<\/strong> Si la intel\u00b7lig\u00e8ncia \u00e9s la llum de l\u2019esperit, el cor \u00e9s la seva for\u00e7a. Formem alumnes amb cors capa\u00e7os d\u2019entusiasmar-se amb la veritat, la bellesa, els bons sentiments i l\u2019afectivitat. En resum, <strong>cors capa\u00e7os d\u2019experimentar, sentir, buscar i viure l\u2019amor.<\/strong>\n\n[\/et_pb_text][et_pb_text background_color=\"#8196a1\" custom_padding=\"30px|30px|30px|30px|false|false\" text_font_size=\"20px\" text_text_color=\"#FFFFFF\" text_line_height=\"1.1em\" custom_margin=\"||1em||false|false\" _builder_version=\"4.11.1\" _module_preset=\"0beecb44-14b6-4146-a084-a63d2edaa5dd\" global_colors_info=\"{}\"]\n<h3 style=\"text-align: center;\"><span style=\"color: #ffffff;\"><strong>EDUQUEM LA INTIMITAT<\/strong><\/span><\/h3>\n<strong>Educar la intimitat<\/strong> \u00e9s fonamental per tal que els nostres alumnes puguin mantenir la pau i el desenvolupament harm\u00f2nic de la personalitat.\n\n[\/et_pb_text][et_pb_text text_text_color=\"#000000\" text_font_size=\"20px\" text_line_height=\"1.2em\" custom_margin=\"||2em||false|false\" _builder_version=\"4.11.1\" _module_preset=\"9616b5da-827c-4a8d-ad6f-bcd50de1f39f\" min_height=\"225px\" global_colors_info=\"{}\"]\n\n<img src=\"https:\/\/lleida.matersalvatoris.org\/wp-content\/uploads\/2021\/10\/formacio-humana-i-espiritual_4-217x300-1.jpg\" width=\"217\" height=\"300\" alt=\"\" class=\"wp-image-243 alignnone size-medium\" style=\"float: right;\">En un m\u00f3n dominat per les presses i la superficialitat, \u00e9s necessari <strong>tenir espais de reflexi\u00f3 i silenci, com a mitj\u00e0 privilegiat per afavorir l\u2019encontre amb D\u00e9u.<\/strong>\n\nPer aix\u00f3 el col\u00b7legi Mater Salvatoris ofereix als seus alumnes la possibilitat de mantenir una<strong> relaci\u00f3 personal amb Jesucrist.<\/strong>\n\nDins de l\u2019itinerari formatiu, al Col\u00b7legi s\u2019inclou la catequesi adequada per a rebre dos sagraments:\n<ul>\n \t<li><strong>Primera Comuni\u00f3<\/strong><\/li>\n \t<li><strong>Confirmaci\u00f3<\/strong><\/li>\n<\/ul>\nA m\u00e9s eduquem en l\u2019amor a la Verge Maria. <strong>Sota la seva protecci\u00f3 est\u00e0 encomanat el Col\u00b7legi i sota la seva advocaci\u00f3 Mater Salvatoris<\/strong> es construeix el model que s\u2019ofereix als alumnes: fe profunda, confian\u00e7a absoluta en D\u00e9u i entrega d\u2019ells mateixos.\n\n[\/et_pb_text][et_pb_text background_color=\"#8196a1\" custom_padding=\"30px|30px|30px|30px|false|false\" text_font_size=\"20px\" text_text_color=\"#FFFFFF\" text_line_height=\"1.1em\" custom_margin=\"||1em||false|false\" _builder_version=\"4.11.1\" _module_preset=\"0beecb44-14b6-4146-a084-a63d2edaa5dd\" global_colors_info=\"{}\"]\n<h3 style=\"text-align: center;\"><span style=\"color: #ffffff;\"><strong>EDUQUEM LA GENEROSITAT I DES DE LA LLIBERTAT<\/strong><\/span><\/h3>\nFacilitem que els nostres alumnes tinguin una <strong>experi\u00e8ncia directa d\u2019entrega als necessitats i realitzin algun tipus de voluntariat.<\/strong>\n\n[\/et_pb_text][et_pb_text text_text_color=\"#000000\" text_font_size=\"20px\" text_line_height=\"1.2em\" custom_margin=\"||2em||false|false\" _builder_version=\"4.11.1\" _module_preset=\"9616b5da-827c-4a8d-ad6f-bcd50de1f39f\" min_height=\"225px\" global_colors_info=\"{}\"]\n\n<img src=\"https:\/\/lleida.matersalvatoris.org\/wp-content\/uploads\/2021\/10\/formacio-humana-i-espiritual_5-300x169-1.jpg\" width=\"300\" height=\"169\" alt=\"\" class=\"wp-image-244 alignnone size-medium\" style=\"float: right;\">\nSeguint l\u2019ensenyan\u00e7a de sant Ignasi de Loiola <strong><em>\u201cL\u2019amor s\u2019ha de posar m\u00e9s en les obres que en les paraules\u201d<\/em><\/strong>, una de les dimensions de la fe cristiana que el Col\u00b7legi desenvolupa en tots els alumnes \u00e9s la sensibilitat envers els m\u00e9s necessitats, a trav\u00e9s de campanyes solid\u00e0ries com ara el Domund, la Inf\u00e0ncia Missionera, la Campanya de Nadal o el Gran Recapte d\u2019Aliments.\n\nUn objectiu fonamental en la formaci\u00f3 espiritual que ofereix el Col\u00b7legi \u00e9s que la pr\u00e0ctica religiosa no se senti com una imposici\u00f3 externa, sin\u00f3 com una <strong>resposta lliure i afectuosa a D\u00e9u<\/strong>, que ens ha estimat primer.\n\n[\/et_pb_text][\/et_pb_column][\/et_pb_row][\/et_pb_section]","_et_gb_content_width":"","footnotes":""},"class_list":["post-653","page","type-page","status-publish","hentry"],"yoast_head":"<!-- This site is optimized with the Yoast SEO plugin v26.6 - https:\/\/yoast.com\/wordpress\/plugins\/seo\/ -->\n<title>Human and espiritual education - Lleida Mater Salvatoris<\/title>\n<meta name=\"robots\" content=\"index, follow, max-snippet:-1, max-image-preview:large, max-video-preview:-1\" \/>\n<link rel=\"canonical\" href=\"https:\/\/lleida.matersalvatoris.org\/en\/human-and-espiritual-education\/\" \/>\n<meta property=\"og:locale\" content=\"en_US\" \/>\n<meta property=\"og:type\" content=\"article\" \/>\n<meta property=\"og:title\" content=\"Human and espiritual education - Lleida Mater Salvatoris\" \/>\n<meta property=\"og:description\" content=\"WE EDUCATE THE INTELLIGENCE, THE WILL, THE HEART, FOR INTIMACY, FOR GENEROSITY AND FROM FREEDOM WE EDUCATE THE INTELLIGENCE At Mater Salvatoris School, we take the intellectual development of our [&hellip;]\" \/>\n<meta property=\"og:url\" content=\"https:\/\/lleida.matersalvatoris.org\/en\/human-and-espiritual-education\/\" \/>\n<meta property=\"og:site_name\" content=\"Lleida Mater Salvatoris\" \/>\n<meta property=\"article:modified_time\" content=\"2021-11-13T09:33:26+00:00\" \/>\n<meta property=\"og:image\" content=\"https:\/\/lleida.matersalvatoris.org\/wp-content\/uploads\/2021\/10\/formacio-humana-i-espiritual_1-300x200-1.jpg\" \/>\n<meta name=\"twitter:card\" content=\"summary_large_image\" \/>\n<meta name=\"twitter:label1\" content=\"Est. reading time\" \/>\n\t<meta name=\"twitter:data1\" content=\"9 minutes\" \/>\n<script type=\"application\/ld+json\" class=\"yoast-schema-graph\">{\"@context\":\"https:\/\/schema.org\",\"@graph\":[{\"@type\":\"WebPage\",\"@id\":\"https:\/\/lleida.matersalvatoris.org\/en\/human-and-espiritual-education\/\",\"url\":\"https:\/\/lleida.matersalvatoris.org\/en\/human-and-espiritual-education\/\",\"name\":\"Human and espiritual education - Lleida Mater Salvatoris\",\"isPartOf\":{\"@id\":\"https:\/\/lleida.matersalvatoris.org\/en\/#website\"},\"primaryImageOfPage\":{\"@id\":\"https:\/\/lleida.matersalvatoris.org\/en\/human-and-espiritual-education\/#primaryimage\"},\"image\":{\"@id\":\"https:\/\/lleida.matersalvatoris.org\/en\/human-and-espiritual-education\/#primaryimage\"},\"thumbnailUrl\":\"https:\/\/lleida.matersalvatoris.org\/wp-content\/uploads\/2021\/10\/formacio-humana-i-espiritual_1-300x200-1.jpg\",\"datePublished\":\"2021-10-29T09:13:05+00:00\",\"dateModified\":\"2021-11-13T09:33:26+00:00\",\"inLanguage\":\"en-US\",\"potentialAction\":[{\"@type\":\"ReadAction\",\"target\":[\"https:\/\/lleida.matersalvatoris.org\/en\/human-and-espiritual-education\/\"]}]},{\"@type\":\"ImageObject\",\"inLanguage\":\"en-US\",\"@id\":\"https:\/\/lleida.matersalvatoris.org\/en\/human-and-espiritual-education\/#primaryimage\",\"url\":\"https:\/\/lleida.matersalvatoris.org\/wp-content\/uploads\/2021\/10\/formacio-humana-i-espiritual_1-300x200-1.jpg\",\"contentUrl\":\"https:\/\/lleida.matersalvatoris.org\/wp-content\/uploads\/2021\/10\/formacio-humana-i-espiritual_1-300x200-1.jpg\"},{\"@type\":\"WebSite\",\"@id\":\"https:\/\/lleida.matersalvatoris.org\/en\/#website\",\"url\":\"https:\/\/lleida.matersalvatoris.org\/en\/\",\"name\":\"Lleida Mater Salvatoris\",\"description\":\"Lleida Mater Salvatoris\",\"potentialAction\":[{\"@type\":\"SearchAction\",\"target\":{\"@type\":\"EntryPoint\",\"urlTemplate\":\"https:\/\/lleida.matersalvatoris.org\/en\/?s={search_term_string}\"},\"query-input\":{\"@type\":\"PropertyValueSpecification\",\"valueRequired\":true,\"valueName\":\"search_term_string\"}}],\"inLanguage\":\"en-US\"}]}<\/script>\n<!-- \/ Yoast SEO plugin. -->","yoast_head_json":{"title":"Human and espiritual education - Lleida Mater Salvatoris","robots":{"index":"index","follow":"follow","max-snippet":"max-snippet:-1","max-image-preview":"max-image-preview:large","max-video-preview":"max-video-preview:-1"},"canonical":"https:\/\/lleida.matersalvatoris.org\/en\/human-and-espiritual-education\/","og_locale":"en_US","og_type":"article","og_title":"Human and espiritual education - Lleida Mater Salvatoris","og_description":"WE EDUCATE THE INTELLIGENCE, THE WILL, THE HEART, FOR INTIMACY, FOR GENEROSITY AND FROM FREEDOM WE EDUCATE THE INTELLIGENCE At Mater Salvatoris School, we take the intellectual development of our [&hellip;]","og_url":"https:\/\/lleida.matersalvatoris.org\/en\/human-and-espiritual-education\/","og_site_name":"Lleida Mater Salvatoris","article_modified_time":"2021-11-13T09:33:26+00:00","og_image":[{"url":"https:\/\/lleida.matersalvatoris.org\/wp-content\/uploads\/2021\/10\/formacio-humana-i-espiritual_1-300x200-1.jpg","type":"","width":"","height":""}],"twitter_card":"summary_large_image","twitter_misc":{"Est. reading time":"9 minutes"},"schema":{"@context":"https:\/\/schema.org","@graph":[{"@type":"WebPage","@id":"https:\/\/lleida.matersalvatoris.org\/en\/human-and-espiritual-education\/","url":"https:\/\/lleida.matersalvatoris.org\/en\/human-and-espiritual-education\/","name":"Human and espiritual education - Lleida Mater Salvatoris","isPartOf":{"@id":"https:\/\/lleida.matersalvatoris.org\/en\/#website"},"primaryImageOfPage":{"@id":"https:\/\/lleida.matersalvatoris.org\/en\/human-and-espiritual-education\/#primaryimage"},"image":{"@id":"https:\/\/lleida.matersalvatoris.org\/en\/human-and-espiritual-education\/#primaryimage"},"thumbnailUrl":"https:\/\/lleida.matersalvatoris.org\/wp-content\/uploads\/2021\/10\/formacio-humana-i-espiritual_1-300x200-1.jpg","datePublished":"2021-10-29T09:13:05+00:00","dateModified":"2021-11-13T09:33:26+00:00","inLanguage":"en-US","potentialAction":[{"@type":"ReadAction","target":["https:\/\/lleida.matersalvatoris.org\/en\/human-and-espiritual-education\/"]}]},{"@type":"ImageObject","inLanguage":"en-US","@id":"https:\/\/lleida.matersalvatoris.org\/en\/human-and-espiritual-education\/#primaryimage","url":"https:\/\/lleida.matersalvatoris.org\/wp-content\/uploads\/2021\/10\/formacio-humana-i-espiritual_1-300x200-1.jpg","contentUrl":"https:\/\/lleida.matersalvatoris.org\/wp-content\/uploads\/2021\/10\/formacio-humana-i-espiritual_1-300x200-1.jpg"},{"@type":"WebSite","@id":"https:\/\/lleida.matersalvatoris.org\/en\/#website","url":"https:\/\/lleida.matersalvatoris.org\/en\/","name":"Lleida Mater Salvatoris","description":"Lleida Mater Salvatoris","potentialAction":[{"@type":"SearchAction","target":{"@type":"EntryPoint","urlTemplate":"https:\/\/lleida.matersalvatoris.org\/en\/?s={search_term_string}"},"query-input":{"@type":"PropertyValueSpecification","valueRequired":true,"valueName":"search_term_string"}}],"inLanguage":"en-US"}]}},"_links":{"self":[{"href":"https:\/\/lleida.matersalvatoris.org\/en\/wp-json\/wp\/v2\/pages\/653","targetHints":{"allow":["GET"]}}],"collection":[{"href":"https:\/\/lleida.matersalvatoris.org\/en\/wp-json\/wp\/v2\/pages"}],"about":[{"href":"https:\/\/lleida.matersalvatoris.org\/en\/wp-json\/wp\/v2\/types\/page"}],"author":[{"embeddable":true,"href":"https:\/\/lleida.matersalvatoris.org\/en\/wp-json\/wp\/v2\/users\/1"}],"replies":[{"embeddable":true,"href":"https:\/\/lleida.matersalvatoris.org\/en\/wp-json\/wp\/v2\/comments?post=653"}],"version-history":[{"count":8,"href":"https:\/\/lleida.matersalvatoris.org\/en\/wp-json\/wp\/v2\/pages\/653\/revisions"}],"predecessor-version":[{"id":8304,"href":"https:\/\/lleida.matersalvatoris.org\/en\/wp-json\/wp\/v2\/pages\/653\/revisions\/8304"}],"wp:attachment":[{"href":"https:\/\/lleida.matersalvatoris.org\/en\/wp-json\/wp\/v2\/media?parent=653"}],"curies":[{"name":"wp","href":"https:\/\/api.w.org\/{rel}","templated":true}]}}